{"id":147041,"date":"2022-11-21T13:47:30","date_gmt":"2022-11-21T12:47:30","guid":{"rendered":"https:\/\/www.izimi.be\/?post_type=ufaq&#038;p=147041"},"modified":"2023-11-21T11:07:23","modified_gmt":"2023-11-21T10:07:23","slug":"quelles-donnees-une-entreprise-doit-elle-conserver","status":"publish","type":"ufaq","link":"https:\/\/www.izimi.be\/fr\/faqs\/quelles-donnees-une-entreprise-doit-elle-conserver\/","title":{"rendered":"Quelles donn\u00e9es une entreprise doit-elle conserver ?"},"content":{"rendered":"<style>.ewd-ufaq-faq-display-style-block.ewd-ufaq-post-active, .ewd-ufaq-faq-display-style-block.ewd-ufaq-post-active a,.ewd-ufaq-faq-display-style-block:hover, .ewd-ufaq-faq-display-style-block:hover a, .ewd-ufaq-faq-display-style-block:hover h1 { background-color: #ffffff !important; }.ewd-ufaq-faq-display-style-border_block.ewd-ufaq-post-active, .ewd-ufaq-faq-display-style-border_block:hover, .ewd-ufaq-faq-display-style-border_block:hover h1 { background-color: #ffffff !important; }.ewd-ufaq-faq-display-style-border_block .ewd-ufaq-faq-body { border-color: #ffffff !important; }.ewd-ufaq-faq-display-style-border_block .comment-reply-title, .ewd-ufaq-faq-display-style-border_block:hover .comment-reply-title { background-color: transparent !important; }div.ewd-ufaq-faq-category-title h3 { font-size: 1.2em !important; }div.ewd-ufaq-faq-category-title h3 { color: #3d3836 !important; }div.ewd-ufaq-faq-categories, div.ewd-ufaq-faq-tags { padding: 10px 0px !important; }<\/style><div  class=\"ewd-ufaq-faq-list ewd-ufaq-page-type-distinct ewd-ufaq-category-tabs- ewd-ufaq-faq-category-title-accordion\" id='ewd-ufaq-faq-list'>\n\n\t<input type='hidden' name='show_on_load' value='' id='ewd-ufaq-show-on-load' \/>\n<input type='hidden' name='include_category' value='' id='ewd-ufaq-include-category' \/>\n<input type='hidden' name='exclude_category' value='' id='ewd-ufaq-exclude-category' \/>\n<input type='hidden' name='orderby' value='title' id='ewd-ufaq-orderby' \/>\n<input type='hidden' name='order' value='desc' id='ewd-ufaq-order' \/>\n<input type='hidden' name='post_count' value='-1' id='ewd-ufaq-post-count' \/>\n<input type='hidden' name='current_url' value='\/fr\/wp-json\/wp\/v2\/ufaq\/147041' id='ewd-ufaq-current-url' \/>\n\t\n\t\n\t<div class='ewd-ufaq-faqs'>\n\n\t\t<div  class=\"ewd-ufaq-faq-div ewd-ufaq-faq-column-count-one ewd-ufaq-faq-responsive-columns- ewd-ufaq-faq-display-style-default\" id='ewd-ufaq-post-147041-6WvxKDRXDM' data-post_id='147041'>\n\n\t\t\n\t<div class='ewd-ufaq-faq-title '>\n\t\n\t<a class='ewd-ufaq-post-margin'  href='https:\/\/www.izimi.be\/fr\/faqs\/quelles-donnees-une-entreprise-doit-elle-conserver\/' >\n\n\t\t<div class='ewd-ufaq-post-margin-symbol ewd-ufaq-'>\n\t\t\t<span >B<\/span>\n\t\t<\/div>\n\n\t\t<div class='ewd-ufaq-faq-title-text'>\n\n\t\t\t<h1>\n\t\t\t\tQuelles donn\u00e9es une entreprise doit-elle conserver ?\t\t\t<\/h1>\n\n\t\t<\/div>\n\n\t\t<div class='ewd-ufaq-clear'><\/div>\n\n\t<\/a>\n\t\n<\/div>\n\t\n\t<div class='ewd-ufaq-faq-body' >\n\n\t\t\n\t\t\t\n\t\t\n\t\t\t<div class='ewd-ufaq-post-margin ewd-ufaq-faq-post'>\n\t\n<p class=\"wp-block-paragraph\">L&rsquo;obligation d\u00e9pend du fait que votre entreprise<strong> emploie du personnel ou non<\/strong>.<\/p>\n\n\n\n<p class=\"wp-block-paragraph\">Pour toutes les donn\u00e9es concernant le personnel : voir <a href=\"https:\/\/www.izimi.be\/fr\/faqs\/quelles-donnees-une-entreprise-doit-elle-conserver\/\">combien de temps un employeur doit-il conserver des donn\u00e9es<\/a>?<\/p>\n\n\n\n<p class=\"wp-block-paragraph\">Si vous n\u2019employez pas de personnel, vous devez <strong>obligatoirement tenir des comptes<\/strong>. En Belgique, toutes les entreprises sont tenues de le faire, mais il existe deux grandes cat\u00e9gories : <\/p>\n\n\n\n<ul class=\"wp-block-list\">\n<li><strong>Les PME<\/strong>, qui doivent tenir une comptabilit\u00e9 double compl\u00e8te, mais peuvent opter pour un calendrier raccourci;<\/li>\n\n\n\n<li><strong>Les grandes entreprises<\/strong>, tenues de d\u00e9poser leurs comptes annuels selon le calendrier complet.<\/li>\n<\/ul>\n\n\n\n<p class=\"wp-block-paragraph\">Si vous souhaitez savoir ce qu&rsquo;il en est pour une entreprise unipersonnelle, voici ce qu\u2019<a href=\"https:\/\/www.izimi.be\/fr\/faqs\/que-doit-conserver-une-entreprise-unipersonnelle\/\">une entreprise unipersonnelle<\/a> doit conserver?<\/p>\n\n\n\n<p class=\"wp-block-paragraph\">Avez-vous des questions \u00e0 ce sujet ? Contactez votre comptable.<\/p>\n\n\n\n<h2 class=\"wp-block-heading\">Quels documents rel\u00e8vent de la comptabilit\u00e9 ?<\/h2>\n\n\n\n<p class=\"wp-block-paragraph\">Pratiquement toutes les donn\u00e9es relatives \u00e0 votre entreprise, qu&rsquo;elles soient sur papier ou sous forme num\u00e9rique, sont pertinentes pour votre comptabilit\u00e9. Pensez :<\/p>\n\n\n\n<ul class=\"wp-block-list\">\n<li>Aux <a href=\"https:\/\/www.izimi.be\/fr\/faqs\/combien-de-temps-conserver-des-factures-en-tant-quentreprise\/\">factures<\/a> re\u00e7ues et envoy\u00e9es;<\/li>\n\n\n\n<li><a href=\"https:\/\/www.izimi.be\/fr\/faqs\/combien-de-temps-conserver-les-extraits-de-compte\/\">Relev\u00e9s bancaires<\/a>;<\/li>\n\n\n\n<li>Comptes d\u00e9biteur et cr\u00e9diteur ;<\/li>\n\n\n\n<li>Comptabilit\u00e9 mati\u00e8re ;<\/li>\n\n\n\n<li><a href=\"https:\/\/www.izimi.be\/fr\/faqs\/quest-ce-quun-acte-notarie\/\">Documents et actes notari\u00e9s<\/a>;<\/li>\n\n\n\n<li>Et plus.<\/li>\n<\/ul>\n\n\n\n<p class=\"wp-block-paragraph\">Pour plus d\u2019informations, voir <a href=\"https:\/\/www.izimi.be\/fr\/faqs\/combien-de-temps-conserver-des-factures-en-tant-quentreprise\/\">combien de temps vous devez conserver des factures en tant qu\u2019entreprise<\/a> et\/ou <a href=\"https:\/\/www.izimi.be\/fr\/faqs\/combien-de-temps-conserver-ma-comptabilite\/\">combien de temps vous devez conserver vos comptes<\/a>.<\/p>\n<\/div>\n\t\t\n\t\t\t\n\t\t\n\t\t\t\n\t\t\n\t\t\t\n\t\t\n\t\t\t<div class='ewd-ufaq-ratings'>\n\t\n\t<div class='ewd-ufaq-ratings-label'>\n\t\tDid you find this FAQ helpful?\t<\/div>\n\t\n\t<div class='ewd-ufaq-rating-button ewd-ufaq-up-vote ewd-ufaq-ratings-default-image' data-faq_id='147041'>\n\t\t<img decoding=\"async\" src=\"https:\/\/www.izimi.be\/wp-content\/plugins\/ultimate-faqs\/assets\/img\/Thumbs-up-icon.png\" alt=\"Thumbs Up Icon\">\t\t<span>1<\/span>\n\t<\/div>\n\t\n\t<div class='ewd-ufaq-rating-button ewd-ufaq-down-vote ewd-ufaq-ratings-default-image' data-faq_id='147041'>\n\t\t<img decoding=\"async\" src=\"https:\/\/www.izimi.be\/wp-content\/plugins\/ultimate-faqs\/assets\/img\/Thumbs-down-icon.png\" alt=\"Thumbs Down Icon\">\t\t<span>0<\/span>\n\t<\/div>\n<\/div>\n\n<div class='ewd-ufaq-clear'><\/div>\n\t\t\n\t\t\t\n\t\t\n\t\t\t\n\t\t\n\t\t\t\n\t\t\n\t\t\t\n\t\t\n\t<\/div>\n\n<\/div>\n\t<\/div>\n\n\t\n<\/div>","protected":false},"excerpt":{"rendered":"<p>B Quelles donn\u00e9es une entreprise doit-elle conserver ? L&rsquo;obligation d\u00e9pend du fait que votre entreprise emploie du personnel ou non. Pour toutes les donn\u00e9es concernant le personnel : voir combien de temps un employeur doit-il conserver des donn\u00e9es? Si vous n\u2019employez pas de personnel, vous devez obligatoirement tenir des comptes. En Belgique, toutes les entreprises sont tenues de le faire, &#8230; <\/p>\n<div><a href=\"https:\/\/www.izimi.be\/fr\/faqs\/quelles-donnees-une-entreprise-doit-elle-conserver\/\" class=\"more-link\">Read More<\/a><\/div>\n","protected":false},"author":1,"featured_media":0,"comment_status":"closed","ping_status":"closed","template":"","ufaq-category":[113],"ufaq-tag":[],"class_list":["post-147041","ufaq","type-ufaq","status-publish","hentry","ufaq-category-activite-professionnelle","no-post-thumbnail"],"yoast_head":"<!-- This site is optimized with the Yoast SEO plugin v28.4 - https:\/\/yoast.com\/product\/yoast-seo-wordpress\/ -->\n<title>Quelles donn\u00e9es une entreprise doit-elle conserver ? - Izimi<\/title>\n<meta name=\"description\" content=\"Vous trouverez ici quelles sont les donn\u00e9es que vous devez obligatoirement conserver en tant qu\u2019entreprise. Izimi r\u00e9pond \u00e0 vos questions.\" \/>\n<meta name=\"robots\" content=\"index, follow, max-snippet:-1, max-image-preview:large, max-video-preview:-1\" \/>\n<link rel=\"canonical\" href=\"https:\/\/www.izimi.be\/fr\/faqs\/quelles-donnees-une-entreprise-doit-elle-conserver\/\" \/>\n<meta property=\"og:locale\" content=\"fr_FR\" \/>\n<meta property=\"og:type\" content=\"article\" \/>\n<meta property=\"og:title\" content=\"Quelles donn\u00e9es une entreprise doit-elle conserver ? - Izimi\" \/>\n<meta property=\"og:description\" content=\"Vous trouverez ici quelles sont les donn\u00e9es que vous devez obligatoirement conserver en tant qu\u2019entreprise. Izimi r\u00e9pond \u00e0 vos questions.\" \/>\n<meta property=\"og:url\" content=\"https:\/\/www.izimi.be\/fr\/faqs\/quelles-donnees-une-entreprise-doit-elle-conserver\/\" \/>\n<meta property=\"og:site_name\" content=\"IZIMI : Soyez ma\u00eetre de votre vie\" \/>\n<meta property=\"article:publisher\" content=\"https:\/\/www.facebook.com\/izimibelgium\" \/>\n<meta property=\"article:modified_time\" content=\"2023-11-21T10:07:23+00:00\" \/>\n<meta property=\"og:image\" content=\"https:\/\/www.izimi.be\/wp-content\/uploads\/izimi-some-1.png\" \/>\n\t<meta property=\"og:image:width\" content=\"704\" \/>\n\t<meta property=\"og:image:height\" content=\"528\" \/>\n\t<meta property=\"og:image:type\" content=\"image\/png\" \/>\n<meta name=\"twitter:card\" content=\"summary_large_image\" \/>\n<meta name=\"twitter:label1\" content=\"Dur\u00e9e de lecture est.\" \/>\n\t<meta name=\"twitter:data1\" content=\"1 minute\" \/>\n<script type=\"application\/ld+json\" class=\"yoast-schema-graph\">{\"@context\":\"https:\\\/\\\/schema.org\",\"@graph\":[{\"@type\":\"WebPage\",\"@id\":\"https:\\\/\\\/www.izimi.be\\\/fr\\\/faqs\\\/quelles-donnees-une-entreprise-doit-elle-conserver\\\/\",\"url\":\"https:\\\/\\\/www.izimi.be\\\/fr\\\/faqs\\\/quelles-donnees-une-entreprise-doit-elle-conserver\\\/\",\"name\":\"Quelles donn\u00e9es une entreprise doit-elle conserver ? - Izimi\",\"isPartOf\":{\"@id\":\"https:\\\/\\\/www.izimi.be\\\/fr\\\/#website\"},\"datePublished\":\"2022-11-21T12:47:30+00:00\",\"dateModified\":\"2023-11-21T10:07:23+00:00\",\"description\":\"Vous trouverez ici quelles sont les donn\u00e9es que vous devez obligatoirement conserver en tant qu\u2019entreprise. Izimi r\u00e9pond \u00e0 vos questions.\",\"breadcrumb\":{\"@id\":\"https:\\\/\\\/www.izimi.be\\\/fr\\\/faqs\\\/quelles-donnees-une-entreprise-doit-elle-conserver\\\/#breadcrumb\"},\"inLanguage\":\"fr-BE\",\"potentialAction\":[{\"@type\":\"ReadAction\",\"target\":[\"https:\\\/\\\/www.izimi.be\\\/fr\\\/faqs\\\/quelles-donnees-une-entreprise-doit-elle-conserver\\\/\"]}]},{\"@type\":\"BreadcrumbList\",\"@id\":\"https:\\\/\\\/www.izimi.be\\\/fr\\\/faqs\\\/quelles-donnees-une-entreprise-doit-elle-conserver\\\/#breadcrumb\",\"itemListElement\":[{\"@type\":\"ListItem\",\"position\":1,\"name\":\"Homepagina\",\"item\":\"https:\\\/\\\/www.izimi.be\\\/fr\\\/\"},{\"@type\":\"ListItem\",\"position\":2,\"name\":\"FAQs\",\"item\":\"https:\\\/\\\/www.izimi.be\\\/fr\\\/faqs\\\/\"},{\"@type\":\"ListItem\",\"position\":3,\"name\":\"Documents\",\"item\":\"https:\\\/\\\/www.izimi.be\\\/fr\\\/ufaq-category\\\/documents\\\/\"},{\"@type\":\"ListItem\",\"position\":4,\"name\":\"Activit\u00e9 professionnelle\",\"item\":\"https:\\\/\\\/www.izimi.be\\\/fr\\\/ufaq-category\\\/activite-professionnelle\\\/\"},{\"@type\":\"ListItem\",\"position\":5,\"name\":\"Quelles donn\u00e9es une entreprise doit-elle conserver ?\"}]},{\"@type\":\"WebSite\",\"@id\":\"https:\\\/\\\/www.izimi.be\\\/fr\\\/#website\",\"url\":\"https:\\\/\\\/www.izimi.be\\\/fr\\\/\",\"name\":\"IZIMI : Soyez ma\u00eetre de votre vie\",\"description\":\"Le coffre-fort num\u00e9rique des notaires belges\",\"publisher\":{\"@id\":\"https:\\\/\\\/www.izimi.be\\\/fr\\\/#organization\"},\"potentialAction\":[{\"@type\":\"SearchAction\",\"target\":{\"@type\":\"EntryPoint\",\"urlTemplate\":\"https:\\\/\\\/www.izimi.be\\\/fr\\\/?s={search_term_string}\"},\"query-input\":{\"@type\":\"PropertyValueSpecification\",\"valueRequired\":true,\"valueName\":\"search_term_string\"}}],\"inLanguage\":\"fr-BE\"},{\"@type\":\"Organization\",\"@id\":\"https:\\\/\\\/www.izimi.be\\\/fr\\\/#organization\",\"name\":\"IZIMI\",\"url\":\"https:\\\/\\\/www.izimi.be\\\/fr\\\/\",\"logo\":{\"@type\":\"ImageObject\",\"inLanguage\":\"fr-BE\",\"@id\":\"https:\\\/\\\/www.izimi.be\\\/fr\\\/#\\\/schema\\\/logo\\\/image\\\/\",\"url\":\"https:\\\/\\\/www.izimi.be\\\/wp-content\\\/uploads\\\/2020\\\/09\\\/izimi-favicon.png\",\"contentUrl\":\"https:\\\/\\\/www.izimi.be\\\/wp-content\\\/uploads\\\/2020\\\/09\\\/izimi-favicon.png\",\"width\":512,\"height\":512,\"caption\":\"IZIMI\"},\"image\":{\"@id\":\"https:\\\/\\\/www.izimi.be\\\/fr\\\/#\\\/schema\\\/logo\\\/image\\\/\"},\"sameAs\":[\"https:\\\/\\\/www.facebook.com\\\/izimibelgium\"]}]}<\/script>\n<!-- \/ Yoast SEO plugin. -->","yoast_head_json":{"title":"Quelles donn\u00e9es une entreprise doit-elle conserver ? - Izimi","description":"Vous trouverez ici quelles sont les donn\u00e9es que vous devez obligatoirement conserver en tant qu\u2019entreprise. Izimi r\u00e9pond \u00e0 vos questions.","robots":{"index":"index","follow":"follow","max-snippet":"max-snippet:-1","max-image-preview":"max-image-preview:large","max-video-preview":"max-video-preview:-1"},"canonical":"https:\/\/www.izimi.be\/fr\/faqs\/quelles-donnees-une-entreprise-doit-elle-conserver\/","og_locale":"fr_FR","og_type":"article","og_title":"Quelles donn\u00e9es une entreprise doit-elle conserver ? - Izimi","og_description":"Vous trouverez ici quelles sont les donn\u00e9es que vous devez obligatoirement conserver en tant qu\u2019entreprise. Izimi r\u00e9pond \u00e0 vos questions.","og_url":"https:\/\/www.izimi.be\/fr\/faqs\/quelles-donnees-une-entreprise-doit-elle-conserver\/","og_site_name":"IZIMI : Soyez ma\u00eetre de votre vie","article_publisher":"https:\/\/www.facebook.com\/izimibelgium","article_modified_time":"2023-11-21T10:07:23+00:00","og_image":[{"width":704,"height":528,"url":"https:\/\/www.izimi.be\/wp-content\/uploads\/izimi-some-1.png","type":"image\/png"}],"twitter_card":"summary_large_image","twitter_misc":{"Dur\u00e9e de lecture est.":"1 minute"},"schema":{"@context":"https:\/\/schema.org","@graph":[{"@type":"WebPage","@id":"https:\/\/www.izimi.be\/fr\/faqs\/quelles-donnees-une-entreprise-doit-elle-conserver\/","url":"https:\/\/www.izimi.be\/fr\/faqs\/quelles-donnees-une-entreprise-doit-elle-conserver\/","name":"Quelles donn\u00e9es une entreprise doit-elle conserver ? - Izimi","isPartOf":{"@id":"https:\/\/www.izimi.be\/fr\/#website"},"datePublished":"2022-11-21T12:47:30+00:00","dateModified":"2023-11-21T10:07:23+00:00","description":"Vous trouverez ici quelles sont les donn\u00e9es que vous devez obligatoirement conserver en tant qu\u2019entreprise. Izimi r\u00e9pond \u00e0 vos questions.","breadcrumb":{"@id":"https:\/\/www.izimi.be\/fr\/faqs\/quelles-donnees-une-entreprise-doit-elle-conserver\/#breadcrumb"},"inLanguage":"fr-BE","potentialAction":[{"@type":"ReadAction","target":["https:\/\/www.izimi.be\/fr\/faqs\/quelles-donnees-une-entreprise-doit-elle-conserver\/"]}]},{"@type":"BreadcrumbList","@id":"https:\/\/www.izimi.be\/fr\/faqs\/quelles-donnees-une-entreprise-doit-elle-conserver\/#breadcrumb","itemListElement":[{"@type":"ListItem","position":1,"name":"Homepagina","item":"https:\/\/www.izimi.be\/fr\/"},{"@type":"ListItem","position":2,"name":"FAQs","item":"https:\/\/www.izimi.be\/fr\/faqs\/"},{"@type":"ListItem","position":3,"name":"Documents","item":"https:\/\/www.izimi.be\/fr\/ufaq-category\/documents\/"},{"@type":"ListItem","position":4,"name":"Activit\u00e9 professionnelle","item":"https:\/\/www.izimi.be\/fr\/ufaq-category\/activite-professionnelle\/"},{"@type":"ListItem","position":5,"name":"Quelles donn\u00e9es une entreprise doit-elle conserver ?"}]},{"@type":"WebSite","@id":"https:\/\/www.izimi.be\/fr\/#website","url":"https:\/\/www.izimi.be\/fr\/","name":"IZIMI : Soyez ma\u00eetre de votre vie","description":"Le coffre-fort num\u00e9rique des notaires belges","publisher":{"@id":"https:\/\/www.izimi.be\/fr\/#organization"},"potentialAction":[{"@type":"SearchAction","target":{"@type":"EntryPoint","urlTemplate":"https:\/\/www.izimi.be\/fr\/?s={search_term_string}"},"query-input":{"@type":"PropertyValueSpecification","valueRequired":true,"valueName":"search_term_string"}}],"inLanguage":"fr-BE"},{"@type":"Organization","@id":"https:\/\/www.izimi.be\/fr\/#organization","name":"IZIMI","url":"https:\/\/www.izimi.be\/fr\/","logo":{"@type":"ImageObject","inLanguage":"fr-BE","@id":"https:\/\/www.izimi.be\/fr\/#\/schema\/logo\/image\/","url":"https:\/\/www.izimi.be\/wp-content\/uploads\/2020\/09\/izimi-favicon.png","contentUrl":"https:\/\/www.izimi.be\/wp-content\/uploads\/2020\/09\/izimi-favicon.png","width":512,"height":512,"caption":"IZIMI"},"image":{"@id":"https:\/\/www.izimi.be\/fr\/#\/schema\/logo\/image\/"},"sameAs":["https:\/\/www.facebook.com\/izimibelgium"]}]}},"_links":{"self":[{"href":"https:\/\/www.izimi.be\/fr\/wp-json\/wp\/v2\/ufaq\/147041","targetHints":{"allow":["GET"]}}],"collection":[{"href":"https:\/\/www.izimi.be\/fr\/wp-json\/wp\/v2\/ufaq"}],"about":[{"href":"https:\/\/www.izimi.be\/fr\/wp-json\/wp\/v2\/types\/ufaq"}],"author":[{"embeddable":true,"href":"https:\/\/www.izimi.be\/fr\/wp-json\/wp\/v2\/users\/1"}],"replies":[{"embeddable":true,"href":"https:\/\/www.izimi.be\/fr\/wp-json\/wp\/v2\/comments?post=147041"}],"wp:attachment":[{"href":"https:\/\/www.izimi.be\/fr\/wp-json\/wp\/v2\/media?parent=147041"}],"wp:term":[{"taxonomy":"ufaq-category","embeddable":true,"href":"https:\/\/www.izimi.be\/fr\/wp-json\/wp\/v2\/ufaq-category?post=147041"},{"taxonomy":"ufaq-tag","embeddable":true,"href":"https:\/\/www.izimi.be\/fr\/wp-json\/wp\/v2\/ufaq-tag?post=147041"}],"curies":[{"name":"wp","href":"https:\/\/api.w.org\/{rel}","templated":true}]}}