{"id":149583,"date":"2026-09-01T10:00:00","date_gmt":"2026-09-01T08:00:00","guid":{"rendered":"https:\/\/www.izimi.be\/?page_id=149583"},"modified":"2026-08-18T13:37:37","modified_gmt":"2026-08-18T11:37:37","slug":"la-rentree-avez-vous-tous-les-documents-necessaires-pour-votre-enfant","status":"publish","type":"page","link":"https:\/\/www.izimi.be\/fr\/info-et-actualites\/la-rentree-avez-vous-tous-les-documents-necessaires-pour-votre-enfant\/","title":{"rendered":"La rentr\u00e9e : avez-vous tous les documents n\u00e9cessaires pour votre enfant ?"},"content":{"rendered":"\n<p class=\"wp-block-paragraph\">La rentr\u00e9e scolaire ne se r\u00e9sume pas \u00e0 l&rsquo;achat des fournitures ou au choix des activit\u00e9s extrascolaires. Chaque ann\u00e9e, les parents re\u00e7oivent \u00e9galement une multitude de documents administratifs et il n&rsquo;est pas toujours facile de s&rsquo;y retrouver. Pourtant, certains de ces documents peuvent \u00eatre utiles plusieurs ann\u00e9es apr\u00e8s leur \u00e9mission.<\/p>\n\n\n\n<h2 class=\"wp-block-heading\"><strong>Les documents scolaires \u00e0 conserver<\/strong><\/h2>\n\n\n\n<p class=\"wp-block-paragraph\">Tout au long de la scolarit\u00e9 de votre enfant, certains documents doivent \u00eatre conserv\u00e9s pr\u00e9cieusement. Notamment :<\/p>\n\n\n\n<ul class=\"wp-block-list\">\n<li>Les attestations et confirmations d&rsquo;inscription<\/li>\n\n\n\n<li>Les bulletins scolaires<\/li>\n\n\n\n<li>Les attestations de r\u00e9ussite ou de passage de classe<\/li>\n\n\n\n<li>Les certificats m\u00e9dicaux<\/li>\n\n\n\n<li>Les documents li\u00e9s aux activit\u00e9s sportives et parascolaires<\/li>\n\n\n\n<li>Les \u00e9ventuels rapports ou suivis p\u00e9dagogiques<\/li>\n<\/ul>\n\n\n\n<h2 class=\"wp-block-heading\"><strong>Pourquoi les conserver sur le long terme ?<\/strong><\/h2>\n\n\n\n<p class=\"wp-block-paragraph\">Au fil des ann\u00e9es, ces documents constituent un v\u00e9ritable historique du parcours scolaire de votre enfant. Et leur utilit\u00e9 ne s&rsquo;arr\u00eate pas \u00e0 la fin de l&rsquo;ann\u00e9e scolaire : un bulletin, une attestation de r\u00e9ussite ou encore un certificat scolaire peuvent \u00eatre demand\u00e9s lors d&rsquo;une r\u00e9inscription, d&rsquo;un changement d&rsquo;\u00e9tablissement ou dans le cadre de certaines d\u00e9marches administratives.<\/p>\n\n\n\n<p class=\"wp-block-paragraph\">Les conserver dans un espace organis\u00e9 permet de les retrouver rapidement lorsque le besoin se pr\u00e9sente et d&rsquo;\u00e9viter les recherches de derni\u00e8re minute.<\/p>\n\n\n\n<h2 class=\"wp-block-heading\"><strong>Une rentr\u00e9e plus sereine gr\u00e2ce \u00e0 Izimi<\/strong><\/h2>\n\n\n\n<p class=\"wp-block-paragraph\">Les documents scolaires m\u00e9ritent d&rsquo;\u00eatre conserv\u00e9s dans un endroit fiable, s\u00e9curis\u00e9 et facilement accessible. En cr\u00e9ant un dossier d\u00e9di\u00e9 \u00e0 votre enfant sur Izimi, il devient facile de centraliser les documents importants et de les retrouver rapidement, m\u00eame plusieurs ann\u00e9es apr\u00e8s leur r\u00e9ception.<\/p>\n\n\n\n<h2 class=\"wp-block-heading\"><strong>Concr\u00e8tement comment faire&nbsp;?<\/strong><\/h2>\n\n\n\n<ol class=\"wp-block-list\">\n<li>Scannez le document re\u00e7u ou s\u2019il s\u2019agit d\u2019un document digital, chargez-le directement dans votre coffre Izimi.<\/li>\n\n\n\n<li>(Re)nommez le document, ajoutez des mots-cl\u00e9s (lib\u00e9ll\u00e9s) au document pour le retrouver facilement\u00a0; au moyen des 3 petits points \u00e0 droite du document, acc\u00e9dez aux options. <br><img decoding=\"async\" src=\"https:\/\/www.izimi.be\/wp-content\/uploads\/image-37.png\" alt=\"\"><\/li>\n\n\n\n<li>Utilisez les cat\u00e9gories pour classer vos documents\u00a0; donn\u00e9es personnelles, famille, sant\u00e9&#8230; un document peut m\u00eame se trouver dans plusieurs cat\u00e9gories\u00a0!<\/li>\n<\/ol>\n\n\n\n<ol class=\"wp-block-list\"><\/ol>\n\n\n\n<p class=\"wp-block-paragraph\">Apr\u00e8s ses 18 ans, vous pourrez facilement, via Izimi, partager avec votre enfant les documents qui le concernent.<\/p>\n\n\n\n<p class=\"wp-block-paragraph\"><\/p>\n","protected":false},"excerpt":{"rendered":"<p>La rentr\u00e9e scolaire ne se r\u00e9sume pas \u00e0 l&rsquo;achat des fournitures ou au choix des activit\u00e9s extrascolaires. Chaque ann\u00e9e, les parents re\u00e7oivent \u00e9galement une multitude de documents administratifs et il n&rsquo;est pas toujours facile de s&rsquo;y retrouver. Pourtant, certains de ces documents peuvent \u00eatre utiles plusieurs ann\u00e9es apr\u00e8s leur \u00e9mission. Les documents scolaires \u00e0 conserver Tout au long de la &#8230; <\/p>\n<div><a href=\"https:\/\/www.izimi.be\/fr\/info-et-actualites\/la-rentree-avez-vous-tous-les-documents-necessaires-pour-votre-enfant\/\" class=\"more-link\">Read More<\/a><\/div>\n","protected":false},"author":27,"featured_media":149589,"parent":31840,"menu_order":0,"comment_status":"closed","ping_status":"closed","template":"","meta":{"footnotes":""},"class_list":["post-149583","page","type-page","status-publish","has-post-thumbnail","hentry"],"yoast_head":"<!-- This site is optimized with the Yoast SEO plugin v28.4 - https:\/\/yoast.com\/product\/yoast-seo-wordpress\/ -->\n<title>La rentr\u00e9e : avez-vous tous les documents n\u00e9cessaires pour votre enfant ? - IZIMI : Soyez ma\u00eetre de votre vie<\/title>\n<meta name=\"robots\" content=\"index, follow, max-snippet:-1, max-image-preview:large, max-video-preview:-1\" \/>\n<link rel=\"canonical\" href=\"https:\/\/www.izimi.be\/fr\/info-et-actualites\/la-rentree-avez-vous-tous-les-documents-necessaires-pour-votre-enfant\/\" \/>\n<meta property=\"og:locale\" content=\"fr_FR\" \/>\n<meta property=\"og:type\" content=\"article\" \/>\n<meta property=\"og:title\" content=\"La rentr\u00e9e : avez-vous tous les documents n\u00e9cessaires pour votre enfant ? - IZIMI : Soyez ma\u00eetre de votre vie\" \/>\n<meta property=\"og:description\" content=\"La rentr\u00e9e scolaire ne se r\u00e9sume pas \u00e0 l&rsquo;achat des fournitures ou au choix des activit\u00e9s extrascolaires. Chaque ann\u00e9e, les parents re\u00e7oivent \u00e9galement une multitude de documents administratifs et il n&rsquo;est pas toujours facile de s&rsquo;y retrouver. Pourtant, certains de ces documents peuvent \u00eatre utiles plusieurs ann\u00e9es apr\u00e8s leur \u00e9mission. Les documents scolaires \u00e0 conserver Tout au long de la ... Read More\" \/>\n<meta property=\"og:url\" content=\"https:\/\/www.izimi.be\/fr\/info-et-actualites\/la-rentree-avez-vous-tous-les-documents-necessaires-pour-votre-enfant\/\" \/>\n<meta property=\"og:site_name\" content=\"IZIMI : Soyez ma\u00eetre de votre vie\" \/>\n<meta property=\"article:publisher\" content=\"https:\/\/www.facebook.com\/izimibelgium\" \/>\n<meta property=\"og:image\" content=\"https:\/\/www.izimi.be\/wp-content\/uploads\/D6BEA4E5-8342-440B-AE36-1D59171E18FC.png\" \/>\n\t<meta property=\"og:image:width\" content=\"511\" \/>\n\t<meta property=\"og:image:height\" content=\"340\" \/>\n\t<meta property=\"og:image:type\" content=\"image\/png\" \/>\n<meta name=\"twitter:card\" content=\"summary_large_image\" \/>\n<meta name=\"twitter:label1\" content=\"Dur\u00e9e de lecture est.\" \/>\n\t<meta name=\"twitter:data1\" content=\"3 minutes\" \/>\n<script type=\"application\/ld+json\" class=\"yoast-schema-graph\">{\"@context\":\"https:\\\/\\\/schema.org\",\"@graph\":[{\"@type\":\"WebPage\",\"@id\":\"https:\\\/\\\/www.izimi.be\\\/fr\\\/info-et-actualites\\\/la-rentree-avez-vous-tous-les-documents-necessaires-pour-votre-enfant\\\/\",\"url\":\"https:\\\/\\\/www.izimi.be\\\/fr\\\/info-et-actualites\\\/la-rentree-avez-vous-tous-les-documents-necessaires-pour-votre-enfant\\\/\",\"name\":\"La rentr\u00e9e : avez-vous tous les documents n\u00e9cessaires pour votre enfant ? - IZIMI : Soyez ma\u00eetre de votre vie\",\"isPartOf\":{\"@id\":\"https:\\\/\\\/www.izimi.be\\\/fr\\\/#website\"},\"primaryImageOfPage\":{\"@id\":\"https:\\\/\\\/www.izimi.be\\\/fr\\\/info-et-actualites\\\/la-rentree-avez-vous-tous-les-documents-necessaires-pour-votre-enfant\\\/#primaryimage\"},\"image\":{\"@id\":\"https:\\\/\\\/www.izimi.be\\\/fr\\\/info-et-actualites\\\/la-rentree-avez-vous-tous-les-documents-necessaires-pour-votre-enfant\\\/#primaryimage\"},\"thumbnailUrl\":\"https:\\\/\\\/www.izimi.be\\\/wp-content\\\/uploads\\\/D6BEA4E5-8342-440B-AE36-1D59171E18FC.png\",\"datePublished\":\"2026-09-01T08:00:00+00:00\",\"breadcrumb\":{\"@id\":\"https:\\\/\\\/www.izimi.be\\\/fr\\\/info-et-actualites\\\/la-rentree-avez-vous-tous-les-documents-necessaires-pour-votre-enfant\\\/#breadcrumb\"},\"inLanguage\":\"fr-BE\",\"potentialAction\":[{\"@type\":\"ReadAction\",\"target\":[\"https:\\\/\\\/www.izimi.be\\\/fr\\\/info-et-actualites\\\/la-rentree-avez-vous-tous-les-documents-necessaires-pour-votre-enfant\\\/\"]}]},{\"@type\":\"ImageObject\",\"inLanguage\":\"fr-BE\",\"@id\":\"https:\\\/\\\/www.izimi.be\\\/fr\\\/info-et-actualites\\\/la-rentree-avez-vous-tous-les-documents-necessaires-pour-votre-enfant\\\/#primaryimage\",\"url\":\"https:\\\/\\\/www.izimi.be\\\/wp-content\\\/uploads\\\/D6BEA4E5-8342-440B-AE36-1D59171E18FC.png\",\"contentUrl\":\"https:\\\/\\\/www.izimi.be\\\/wp-content\\\/uploads\\\/D6BEA4E5-8342-440B-AE36-1D59171E18FC.png\",\"width\":511,\"height\":340},{\"@type\":\"BreadcrumbList\",\"@id\":\"https:\\\/\\\/www.izimi.be\\\/fr\\\/info-et-actualites\\\/la-rentree-avez-vous-tous-les-documents-necessaires-pour-votre-enfant\\\/#breadcrumb\",\"itemListElement\":[{\"@type\":\"ListItem\",\"position\":1,\"name\":\"Homepagina\",\"item\":\"https:\\\/\\\/www.izimi.be\\\/fr\\\/\"},{\"@type\":\"ListItem\",\"position\":2,\"name\":\"Actualit\u00e9s\",\"item\":\"https:\\\/\\\/www.izimi.be\\\/fr\\\/info-et-actualites\\\/\"},{\"@type\":\"ListItem\",\"position\":3,\"name\":\"La rentr\u00e9e : avez-vous tous les documents n\u00e9cessaires pour votre enfant ?\"}]},{\"@type\":\"WebSite\",\"@id\":\"https:\\\/\\\/www.izimi.be\\\/fr\\\/#website\",\"url\":\"https:\\\/\\\/www.izimi.be\\\/fr\\\/\",\"name\":\"IZIMI : Soyez ma\u00eetre de votre vie\",\"description\":\"Le coffre-fort num\u00e9rique des notaires belges\",\"publisher\":{\"@id\":\"https:\\\/\\\/www.izimi.be\\\/fr\\\/#organization\"},\"potentialAction\":[{\"@type\":\"SearchAction\",\"target\":{\"@type\":\"EntryPoint\",\"urlTemplate\":\"https:\\\/\\\/www.izimi.be\\\/fr\\\/?s={search_term_string}\"},\"query-input\":{\"@type\":\"PropertyValueSpecification\",\"valueRequired\":true,\"valueName\":\"search_term_string\"}}],\"inLanguage\":\"fr-BE\"},{\"@type\":\"Organization\",\"@id\":\"https:\\\/\\\/www.izimi.be\\\/fr\\\/#organization\",\"name\":\"IZIMI\",\"url\":\"https:\\\/\\\/www.izimi.be\\\/fr\\\/\",\"logo\":{\"@type\":\"ImageObject\",\"inLanguage\":\"fr-BE\",\"@id\":\"https:\\\/\\\/www.izimi.be\\\/fr\\\/#\\\/schema\\\/logo\\\/image\\\/\",\"url\":\"https:\\\/\\\/www.izimi.be\\\/wp-content\\\/uploads\\\/2020\\\/09\\\/izimi-favicon.png\",\"contentUrl\":\"https:\\\/\\\/www.izimi.be\\\/wp-content\\\/uploads\\\/2020\\\/09\\\/izimi-favicon.png\",\"width\":512,\"height\":512,\"caption\":\"IZIMI\"},\"image\":{\"@id\":\"https:\\\/\\\/www.izimi.be\\\/fr\\\/#\\\/schema\\\/logo\\\/image\\\/\"},\"sameAs\":[\"https:\\\/\\\/www.facebook.com\\\/izimibelgium\"]}]}<\/script>\n<!-- \/ Yoast SEO plugin. -->","yoast_head_json":{"title":"La rentr\u00e9e : avez-vous tous les documents n\u00e9cessaires pour votre enfant ? - IZIMI : Soyez ma\u00eetre de votre vie","robots":{"index":"index","follow":"follow","max-snippet":"max-snippet:-1","max-image-preview":"max-image-preview:large","max-video-preview":"max-video-preview:-1"},"canonical":"https:\/\/www.izimi.be\/fr\/info-et-actualites\/la-rentree-avez-vous-tous-les-documents-necessaires-pour-votre-enfant\/","og_locale":"fr_FR","og_type":"article","og_title":"La rentr\u00e9e : avez-vous tous les documents n\u00e9cessaires pour votre enfant ? - IZIMI : Soyez ma\u00eetre de votre vie","og_description":"La rentr\u00e9e scolaire ne se r\u00e9sume pas \u00e0 l&rsquo;achat des fournitures ou au choix des activit\u00e9s extrascolaires. Chaque ann\u00e9e, les parents re\u00e7oivent \u00e9galement une multitude de documents administratifs et il n&rsquo;est pas toujours facile de s&rsquo;y retrouver. Pourtant, certains de ces documents peuvent \u00eatre utiles plusieurs ann\u00e9es apr\u00e8s leur \u00e9mission. Les documents scolaires \u00e0 conserver Tout au long de la ... Read More","og_url":"https:\/\/www.izimi.be\/fr\/info-et-actualites\/la-rentree-avez-vous-tous-les-documents-necessaires-pour-votre-enfant\/","og_site_name":"IZIMI : Soyez ma\u00eetre de votre vie","article_publisher":"https:\/\/www.facebook.com\/izimibelgium","og_image":[{"width":511,"height":340,"url":"https:\/\/www.izimi.be\/wp-content\/uploads\/D6BEA4E5-8342-440B-AE36-1D59171E18FC.png","type":"image\/png"}],"twitter_card":"summary_large_image","twitter_misc":{"Dur\u00e9e de lecture est.":"3 minutes"},"schema":{"@context":"https:\/\/schema.org","@graph":[{"@type":"WebPage","@id":"https:\/\/www.izimi.be\/fr\/info-et-actualites\/la-rentree-avez-vous-tous-les-documents-necessaires-pour-votre-enfant\/","url":"https:\/\/www.izimi.be\/fr\/info-et-actualites\/la-rentree-avez-vous-tous-les-documents-necessaires-pour-votre-enfant\/","name":"La rentr\u00e9e : avez-vous tous les documents n\u00e9cessaires pour votre enfant ? - IZIMI : Soyez ma\u00eetre de votre vie","isPartOf":{"@id":"https:\/\/www.izimi.be\/fr\/#website"},"primaryImageOfPage":{"@id":"https:\/\/www.izimi.be\/fr\/info-et-actualites\/la-rentree-avez-vous-tous-les-documents-necessaires-pour-votre-enfant\/#primaryimage"},"image":{"@id":"https:\/\/www.izimi.be\/fr\/info-et-actualites\/la-rentree-avez-vous-tous-les-documents-necessaires-pour-votre-enfant\/#primaryimage"},"thumbnailUrl":"https:\/\/www.izimi.be\/wp-content\/uploads\/D6BEA4E5-8342-440B-AE36-1D59171E18FC.png","datePublished":"2026-09-01T08:00:00+00:00","breadcrumb":{"@id":"https:\/\/www.izimi.be\/fr\/info-et-actualites\/la-rentree-avez-vous-tous-les-documents-necessaires-pour-votre-enfant\/#breadcrumb"},"inLanguage":"fr-BE","potentialAction":[{"@type":"ReadAction","target":["https:\/\/www.izimi.be\/fr\/info-et-actualites\/la-rentree-avez-vous-tous-les-documents-necessaires-pour-votre-enfant\/"]}]},{"@type":"ImageObject","inLanguage":"fr-BE","@id":"https:\/\/www.izimi.be\/fr\/info-et-actualites\/la-rentree-avez-vous-tous-les-documents-necessaires-pour-votre-enfant\/#primaryimage","url":"https:\/\/www.izimi.be\/wp-content\/uploads\/D6BEA4E5-8342-440B-AE36-1D59171E18FC.png","contentUrl":"https:\/\/www.izimi.be\/wp-content\/uploads\/D6BEA4E5-8342-440B-AE36-1D59171E18FC.png","width":511,"height":340},{"@type":"BreadcrumbList","@id":"https:\/\/www.izimi.be\/fr\/info-et-actualites\/la-rentree-avez-vous-tous-les-documents-necessaires-pour-votre-enfant\/#breadcrumb","itemListElement":[{"@type":"ListItem","position":1,"name":"Homepagina","item":"https:\/\/www.izimi.be\/fr\/"},{"@type":"ListItem","position":2,"name":"Actualit\u00e9s","item":"https:\/\/www.izimi.be\/fr\/info-et-actualites\/"},{"@type":"ListItem","position":3,"name":"La rentr\u00e9e : avez-vous tous les documents n\u00e9cessaires pour votre enfant ?"}]},{"@type":"WebSite","@id":"https:\/\/www.izimi.be\/fr\/#website","url":"https:\/\/www.izimi.be\/fr\/","name":"IZIMI : Soyez ma\u00eetre de votre vie","description":"Le coffre-fort num\u00e9rique des notaires belges","publisher":{"@id":"https:\/\/www.izimi.be\/fr\/#organization"},"potentialAction":[{"@type":"SearchAction","target":{"@type":"EntryPoint","urlTemplate":"https:\/\/www.izimi.be\/fr\/?s={search_term_string}"},"query-input":{"@type":"PropertyValueSpecification","valueRequired":true,"valueName":"search_term_string"}}],"inLanguage":"fr-BE"},{"@type":"Organization","@id":"https:\/\/www.izimi.be\/fr\/#organization","name":"IZIMI","url":"https:\/\/www.izimi.be\/fr\/","logo":{"@type":"ImageObject","inLanguage":"fr-BE","@id":"https:\/\/www.izimi.be\/fr\/#\/schema\/logo\/image\/","url":"https:\/\/www.izimi.be\/wp-content\/uploads\/2020\/09\/izimi-favicon.png","contentUrl":"https:\/\/www.izimi.be\/wp-content\/uploads\/2020\/09\/izimi-favicon.png","width":512,"height":512,"caption":"IZIMI"},"image":{"@id":"https:\/\/www.izimi.be\/fr\/#\/schema\/logo\/image\/"},"sameAs":["https:\/\/www.facebook.com\/izimibelgium"]}]}},"_links":{"self":[{"href":"https:\/\/www.izimi.be\/fr\/wp-json\/wp\/v2\/pages\/149583","targetHints":{"allow":["GET"]}}],"collection":[{"href":"https:\/\/www.izimi.be\/fr\/wp-json\/wp\/v2\/pages"}],"about":[{"href":"https:\/\/www.izimi.be\/fr\/wp-json\/wp\/v2\/types\/page"}],"author":[{"embeddable":true,"href":"https:\/\/www.izimi.be\/fr\/wp-json\/wp\/v2\/users\/27"}],"replies":[{"embeddable":true,"href":"https:\/\/www.izimi.be\/fr\/wp-json\/wp\/v2\/comments?post=149583"}],"version-history":[{"count":2,"href":"https:\/\/www.izimi.be\/fr\/wp-json\/wp\/v2\/pages\/149583\/revisions"}],"predecessor-version":[{"id":149595,"href":"https:\/\/www.izimi.be\/fr\/wp-json\/wp\/v2\/pages\/149583\/revisions\/149595"}],"up":[{"embeddable":true,"href":"https:\/\/www.izimi.be\/fr\/wp-json\/wp\/v2\/pages\/31840"}],"wp:featuredmedia":[{"embeddable":true,"href":"https:\/\/www.izimi.be\/fr\/wp-json\/wp\/v2\/media\/149589"}],"wp:attachment":[{"href":"https:\/\/www.izimi.be\/fr\/wp-json\/wp\/v2\/media?parent=149583"}],"curies":[{"name":"wp","href":"https:\/\/api.w.org\/{rel}","templated":true}]}}